{"version":"1.0","provider_name":"Tan\u00e1rn\u0151","provider_url":"https:\/\/tanarno.cafeblog.hu","author_name":"Tan\u00e1rn\u0151","author_url":"https:\/\/tanarno.cafeblog.hu\/author\/tanarno\/","title":"Amikor mi is menek\u00fcltek voltunk","html":"<p style=\"text-align: left\"><strong>Viharvert kis orsz\u00e1gunkb\u00f3l az eg\u00e9szs\u00e9gesn\u00e9l gyakrabban indult menek\u00fclt\u00e1radat a sz\u00e9lr\u00f3zsa minden ir\u00e1ny\u00e1ba \u00e9s meglep\u0151 m\u00f3don a bujdos\u00f3k k\u00f6nnyen be is illeszkedtek a befogad\u00f3 orsz\u00e1gokban. Ennyire j\u00f3 fejek lenn\u00e9nk? H\u00e1romperces menek\u00fcltt\u00f6rt\u00e9neti k\u00f6rk\u00e9p 300 \u00e9v magyar t\u00f6rt\u00e9nelm\u00e9b\u0151l.<\/strong><!--more--><\/p>\r\n<p style=\"text-align: left\">\u00a0<\/p>\r\n<h2 style=\"text-align: left\">T\u00f6r\u00f6k-magyar bar\u00e1ts\u00e1g<\/h2>\r\n<h3>\u00a0\u00a0<\/h3>\r\n<p style=\"text-align: left\">B\u00e1r csak n\u00e9h\u00e1ny \u00e9vtized telt el az\u00f3ta, hogy 150 \u00e9v egy\u00fctt\u00e9l\u00e9s ut\u00e1n az osztr\u00e1kokkal sz\u00f6vetkezve cs\u00fany\u00e1n kitett\u00fck a t\u00f6r\u00f6k\u00f6k sz\u0171r\u00e9t, III. Ahmed szult\u00e1n m\u00e9gis t\u00fal tudott l\u00e9pni a r\u00e9gi s\u00e9relmeken. Amikor ugyanis II. R\u00e1k\u00f3czi Ferenc csapatai sajn\u00e1latos m\u00f3don veres\u00e9get szenvedtek a szabads\u00e1gharcban, az Oszm\u00e1n Birodalom egy percig sem habozott mened\u00e9kjogot adni a \u201emagyar kir\u00e1lynak\u201d.<\/p>\r\n<p style=\"text-align: left\">De m\u00e9g milyen mened\u00e9kjog volt az! Arr\u00f3l term\u00e9szetesen sz\u00f3 sem lehetett, hogy a fejedelem holmi menek\u00fcltt\u00e1borban s\u00ednyl\u0151dj\u00f6n, \u00edgy azt\u00e1n R\u00e1k\u00f3czi \u00e9s udvartart\u00e1sa a M\u00e1rv\u00e1ny-tenger partj\u00e1n r\u00e9szes\u00fclt a bev\u00e1ndorl\u00f3 uralkod\u00f3knak j\u00e1r\u00f3 b\u0151kez\u0171 ell\u00e1t\u00e1sban. Ahmed szult\u00e1n t\u00f6bb tengerparti \u00e9s egy\u00e9b ingatlant utalt ki sz\u00e1m\u00e1ra, kerttel \u00e9s legel\u0151kkel \u2013 \u00e9s mindezek mell\u00e9 tolm\u00e1csok, \u00fcgyviv\u0151k, nyolcvanf\u0151s janics\u00e1r test\u0151rs\u00e9g \u00e9s rendszeres zsebp\u00e9nz is j\u00e1rt a bujdos\u00f3 magyaroknak. R\u00e1k\u00f3czi \u00e9s h\u00edvei fejedelmi ell\u00e1t\u00e1sban r\u00e9szes\u00fcltek, mik\u00f6zben az osztr\u00e1kok \u00e9s az oroszok d\u00fch\u00f6dten k\u00f6vetelt\u00e9k a kiadat\u00e1sukat - mindhi\u00e1ba.<\/p>\r\n<h3 style=\"text-align: left\">\u00a0 \u00a0<\/h3>\r\n[caption id=\"attachment_353\" align=\"aligncenter\" width=\"425\"]<a href=\"https:\/\/tanarno.cafeblog.hu\/files\/2015\/06\/III.Ahmed_.jpg\"><img class=\"wp-image-353 size-large\" src=\"https:\/\/tanarno.cafeblog.hu\/files\/2015\/06\/III.Ahmed_-425x600.jpg\" alt=\"III. Ahmed\" width=\"425\" height=\"600\" \/><\/a> III. Ahmed nem haragudott, hogy a n\u00e9pe m\u00e1r nem lakhat n\u00e1lunk.[\/caption]\r\n<h3>\u00a0\u00a0<\/h3>\r\n<h2 style=\"text-align: left\">Menek\u00fcl\u00e9s a szabads\u00e1gharcb\u00f3l<\/h2>\r\n<h3>\u00a0\u00a0<\/h3>\r\n<p style=\"text-align: left\">A t\u00f6r\u00f6k-magyar bar\u00e1ts\u00e1g csak itthon cseng idegen\u00fcl, T\u00f6r\u00f6korsz\u00e1gban ugyanolyan legend\u00e1snak sz\u00e1m\u00edt, mint n\u00e1lunk a lengyel kom\u00e1kr\u00f3l sz\u00f3l\u00f3 legend\u00e1k. Kossuth Lajos \u00e9s katon\u00e1i nagy szerencs\u00e9j\u00e9re. R\u00e1k\u00f3czi ut\u00e1n egy \u00e9vsz\u00e1zaddal ugyanis \u00fajra menek\u00fclni k\u00e9nyszer\u00fclt Magyarorsz\u00e1g n\u00e9pe \u00e9s legrangosabb vezet\u0151i, \u00e9s a Porta ism\u00e9t t\u00e1rt karokkal v\u00e1rta a bujdos\u00f3 katon\u00e1kat.<\/p>\r\n<p style=\"text-align: left\">Mai szemmel n\u00e9zve felmer\u00fcl a k\u00e9rd\u00e9s, hogy vajon mi\u00e9rt nem nyugatra indult R\u00e1k\u00f3czi, Th\u00f6k\u00f6ly \u00e9s Kossuth. Az\u00e9rt, kedves Tan\u00edtv\u00e1nyaim, mert abban az id\u0151ben m\u00e9g nem \u00e1llt t\u00fal biztos l\u00e1bakon a k\u00f6zleked\u00e9s, \u00edgy <strong>a nyugaton terpeszked\u0151 Habsburgokat igen bajos lett volna kiker\u00fclni b\u00e1rhogy is<\/strong>. R\u00e1ad\u00e1sul amellett, hogy a t\u00f6r\u00f6k n\u00e9p vend\u00e9gszeretet\u00e9hez nem f\u00e9rhet k\u00e9ts\u00e9g, az Oszm\u00e1n Birodalom m\u00e9g a t\u00f6r\u00f6k h\u00f3dolts\u00e1g ut\u00e1n is sz\u00edvesen t\u00e1mogatott b\u00e1rmilyen potenci\u00e1lis magyar uralkod\u00f3t, m\u00e1r csak biztos, ami biztos alapon is.<\/p>\r\n<p style=\"text-align: left\">Az 1848-49-es szabads\u00e1gharc volt az els\u0151 olyan alkalom, amikor magyarok t\u00f6megesen v\u00e1ndoroltak ki az \u00e9ppen vir\u00e1gkor\u00e1t \u00e9l\u0151, fiatal Egyes\u00fclt \u00c1llamokba. No, a t\u00f6meg akkor m\u00e9g eg\u00e9szen m\u00e1st jelentett, ugyanis k\u00f6r\u00fclbel\u00fcl 3000 magyar bev\u00e1ndorl\u00f3r\u00f3l rohamozta meg az \u00fajvil\u00e1got. Ezek a f\u00f6ldm\u0171vesekb\u0151l lett katon\u00e1kb\u00f3l lett menek\u00fcltek eleinte Pittsburg k\u00f6rny\u00e9k\u00e9n telepedtek le, innen indultak azt\u00e1n tov\u00e1bb a m\u00e9g nem is igen l\u00e9tez\u0151 Kanad\u00e1ba.<\/p>\r\n<h3 style=\"text-align: left\">\u00a0\u00a0\u00a0<\/h3>\r\n[caption id=\"attachment_354\" align=\"aligncenter\" width=\"600\"]<a href=\"https:\/\/tanarno.cafeblog.hu\/files\/2015\/06\/800px-Kaposvarchurchkjfmartin-wiki.jpg\"><img class=\"size-large wp-image-354\" src=\"https:\/\/tanarno.cafeblog.hu\/files\/2015\/06\/800px-Kaposvarchurchkjfmartin-wiki-600x450.jpg\" alt=\"Kaposvar Kanad\u00e1ban\" width=\"600\" height=\"450\" \/><\/a> Kaposvar temploma a kanadai Esterhazy v\u00e1rosban.[\/caption]\r\n<p style=\"text-align: right\">A kanadai Kaposv\u00e1rr\u00f3l r\u00e9szletesen \u00edrtam <a href=\"https:\/\/tanarno.cafeblog.hu\/2016\/03\/09\/a-csalo-grof-aki-magyarorszagot-epitett-a-kanadai-prerin\/\" target=\"_blank\">itt<\/a>.\u00a0<\/p>\r\n<p>&nbsp;<\/p>\r\n<p style=\"text-align: left\">A g\u0151zg\u00e9pek \u00e9s vonatok el\u0151tti vil\u00e1gban a hazautaz\u00e1s \u00e1ltal\u00e1ban sz\u00f3ba sem j\u00f6hetett, \u00edgy az amerikai magyaroknak hossz\u00fat\u00e1vra kellett berendezkedni\u00fck. \u00cdgy lett azt\u00e1n Budapest k\u00e9t helyen is az Egyes\u00fclt \u00c1llamokban, Kanad\u00e1ban pedig olyan telep\u00fcl\u00e9sek, mint Szekelyfold, Arva vagy Esterhazy.<\/p>\r\n<h3 style=\"text-align: left\">\u00a0\u00a0\u00a0<\/h3>\r\n<h2 style=\"text-align: left\">Gazdas\u00e1gi v\u00e1ls\u00e1g a sz\u00e1zadv\u00e9gen<\/h2>\r\n<h3>\u00a0\u00a0\u00a0<\/h3>\r\n<p style=\"text-align: left\">A 19. sz\u00e1zadi nagyberuh\u00e1z\u00e1sok ut\u00e1n a sz\u00e1zadv\u00e9gre elfogyott a munka szerte Eur\u00f3p\u00e1ban. R\u00e1ad\u00e1sul, m\u00edg a sz\u00e1zad elej\u00e9n egy amerikai munkav\u00e1llal\u00e1s miatt a f\u00e9l \u00e9let\u00e9t elutazgatta az ember, a g\u0151zg\u00e9pek \u00e9s a vas\u00fat t\u00e9rh\u00f3d\u00edt\u00e1s\u00e1val val\u00f3di alternat\u00edv\u00e1v\u00e1 v\u00e1lt a tengeren t\u00fali \u00e9let. Amerika ekkor m\u00e9g t\u00e1rt karokkal v\u00e1rta az Eur\u00f3p\u00e1b\u00f3l \u00e9rkez\u0151ket, akik er\u0151s gazdas\u00e1got \u00e9s rengeteg \u00fcres f\u00f6ldet tal\u00e1ltak az \u00dajhaz\u00e1ban. A rohamosan terjeszked\u0151 orsz\u00e1gnak is j\u00f3l j\u00f6tt az \u00faj munkaer\u0151, hiszen a rabszolgas\u00e1g elt\u00f6rl\u00e9se \u00e9s az indi\u00e1n \u0151slakosok kiszor\u00edt\u00e1sa miatt sz\u00fcks\u00e9g volt minden dolgos k\u00e9zre.<\/p>\r\n<h3 style=\"text-align: left\">\u00a0\u00a0\u00a0<\/h3>\r\n[caption id=\"attachment_355\" align=\"aligncenter\" width=\"600\"]<a href=\"https:\/\/tanarno.cafeblog.hu\/files\/2015\/06\/800px-Chickamauga.jpg\"><img class=\"size-large wp-image-355\" src=\"https:\/\/tanarno.cafeblog.hu\/files\/2015\/06\/800px-Chickamauga-600x436.jpg\" alt=\"amerikai polg\u00e1rh\u00e1bor\u00fa\" width=\"600\" height=\"436\" \/><\/a> Az amerikai polg\u00e1rh\u00e1bor\u00faban mintegy 800 magyar katona harcolt, a t\u00f6bbs\u00e9g\u00fck elvi okokb\u00f3l az \u00e9szakiak oldal\u00e1n.[\/caption]\r\n<h3 style=\"text-align: left\">\u00a0\u00a0<\/h3>\r\n<h2 style=\"text-align: left\">A m\u00e1sodik vil\u00e1gh\u00e1bor\u00fa<\/h2>\r\n<h3>\u00a0\u00a0<\/h3>\r\n<p style=\"text-align: left\">A m\u00e1sodik vil\u00e1gh\u00e1bor\u00fa el\u0151tt, k\u00f6zben \u00e9s ut\u00e1na is t\u00f6meges volt a kiv\u00e1ndorl\u00e1s a t\u00e9rs\u00e9gb\u0151l. Amint a zsid\u00f3t\u00f6rv\u00e9nyek \u00e9reztetni kezdt\u00e9k hat\u00e1sukat, rengeteg zsid\u00f3 \u00e9rtelmis\u00e9gi hagyta el Magyarorsz\u00e1got. A legh\u00edresebbek k\u00f6z\u00fcl\u00fck tal\u00e1n a \u201eMarslak\u00f3k\u201d n\u00e9ven ismertt\u00e9 v\u00e1lt magyar tud\u00f3sok csoportja (t\u00f6bbek k\u00f6z\u00f6tt K\u00e1rm\u00e1n T\u00f3dor, Wigner Jen\u0151, Teller Ede \u00e9s Neumann J\u00e1nos), akik az amerikai atombomba kifejleszt\u00e9s\u00e9ben is tev\u00e9kenyen r\u00e9szt vettek. Ebben az id\u0151ben a szebb vil\u00e1got m\u00e1r egy\u00e9rtelm\u0171en az Egyes\u00fclt \u00c1llamokban, illetve kisebb sz\u00e1mban Palesztin\u00e1ban kerest\u00e9k a modern bujdos\u00f3k.<\/p>\r\n<p style=\"text-align: left\">\u00a0<\/p>\r\n[caption id=\"attachment_356\" align=\"aligncenter\" width=\"600\"]<a href=\"https:\/\/tanarno.cafeblog.hu\/files\/2015\/06\/my_favorite_martians_by_deathbycartoon-d6ix17f.jpg\"><img class=\"size-large wp-image-356\" src=\"https:\/\/tanarno.cafeblog.hu\/files\/2015\/06\/my_favorite_martians_by_deathbycartoon-d6ix17f-600x428.jpg\" alt=\"magyar marslak\u00f3k\" width=\"600\" height=\"428\" \/><\/a> A magyar tud\u00f3sok brut\u00e1lisan okosak voltak \u00e9s viccesen besz\u00e9ltek - csak a Marsr\u00f3l j\u00f6hettek.[\/caption]\r\n<h3 style=\"text-align: left\">\u00a0\u00a0\u00a0<\/h3>\r\n<h2 style=\"text-align: left\">56<\/h2>\r\n<h3>\u00a0\u00a0<\/h3>\r\n<p style=\"text-align: left\">Senki nem gondolta el\u0151re, de a huszadik sz\u00e1zadban m\u00e9g egyszer sz\u00fcks\u00e9g lett <span style=\"text-decoration: line-through\">egykori ellens\u00e9geink\u00a0 <\/span>bar\u00e1taink t\u00f6meges j\u00f3indulat\u00e1ra. Az elvesztett forradalmat k\u00f6vet\u0151en ugyanis az \u00edgy sem t\u00fal nagy orsz\u00e1gunk lakoss\u00e1g\u00e1nak majdnem 2%-a v\u00e1lasztotta a menek\u00fcl\u00e9st, mint a t\u00fal\u00e9l\u00e9s egyik form\u00e1j\u00e1t. A B\u00e9csbe \u00e9rkez\u0151 honfit\u00e1rsaink meglep\u0151 j\u00f3indulatot \u00e9s rekord gyors \u00fcgyint\u00e9z\u00e9st tapasztalhattak, ami az emberbar\u00e1ti szeretet mellett kem\u00e9ny politikai okokra is visszavezethet\u0151.<\/p>\r\n<p style=\"text-align: left\">Az 56-os menek\u00fcltek nagy r\u00e9sze Amerik\u00e1ban, Kanad\u00e1ban \u00e9s Nagy Britanni\u00e1ban telepedett le, ahol \u00e9ppen volt munka b\u0151ven. R\u00e1ad\u00e1sul a k\u00f6zv\u00e9lem\u00e9ny m\u00e9ly szimp\u00e1ti\u00e1t \u00e9rzett a gonosz kommunista elnyom\u00f3k ellen l\u00e1zad\u00f3 szabads\u00e1gharcosok ir\u00e1nt, \u00edgy azt\u00e1n a beilleszked\u00e9s sem ment t\u00fal nehezen.<\/p>\r\n<h3 style=\"text-align: left\">\u00a0\u00a0<\/h3>\r\n[caption id=\"attachment_357\" align=\"aligncenter\" width=\"400\"]<a href=\"https:\/\/tanarno.cafeblog.hu\/files\/2015\/06\/magyar-szabads\u00e1gharcos.jpg\"><img class=\"size-full wp-image-357\" src=\"https:\/\/tanarno.cafeblog.hu\/files\/2015\/06\/magyar-szabads\u00e1gharcos.jpg\" alt=\"magyar szabads\u00e1gharcos\" width=\"400\" height=\"527\" \/><\/a> 1956-ban az \u00e9v embere a magyar szabads\u00e1gharcos.[\/caption]\r\n<h3 style=\"text-align: left\">\u00a0\u00a0\u00a0\u00a0<\/h3>\r\n<p style=\"text-align: left\">\u00d6sszess\u00e9g\u00e9ben elmondhat\u00f3 kedves Tan\u00edtv\u00e1nyaim, hogy a menek\u00fcltek befogad\u00e1sa sajnos minden korban els\u0151sorban politikai-gazdas\u00e1gi k\u00e9rd\u00e9s volt, \u00e9s szomor\u00fa, de bizony ritk\u00e1n vez\u00e9relte a befogad\u00f3 orsz\u00e1gokat puszt\u00e1n az emberbar\u00e1ti szeretet. Akinek van, sz\u00edvesen ad, aki sz\u0171k\u00f6lk\u00f6dik, ann\u00e1l neh\u00e9z dolga lesz a menek\u00fclteknek is. <\/p>\r\n<p style=\"text-align: left\">\u00a0<\/p>\r\n<p style=\"text-align: left\">\u00a0<\/p>\r\n<p style=\"text-align: left\">Ha tetszett az \u00edr\u00e1s, m\u00e9g t\u00f6bb t\u00f6rt\u00e9nelmet tal\u00e1lsz a <a href=\"http:\/\/www.facebook.com\/atanarno.com\" target=\"_blank\">Facebook <\/a>oldalunkon.<\/p>\r\n<p style=\"text-align: left\">\u00a0<\/p>\r\n[caption id=\"attachment_36\" align=\"aligncenter\" width=\"320\"]<a href=\"https:\/\/tanarno.cafeblog.hu\/2015\/06\/10\/mit-abrazolnak-a-tudomanyos-kepek-kitalalod\/\" target=\"_blank\"><img class=\"size-full wp-image-36\" src=\"https:\/\/tanarno.cafeblog.hu\/files\/2015\/03\/ny\u00edl.jpg\" alt=\"ny\u00edl\" width=\"320\" height=\"154\" \/><\/a> EL\u0150Z\u0150 OLVASNIVAL\u00d3[\/caption]\r\n<p style=\"text-align: right\">Forr\u00e1s:<\/p>\r\n<p style=\"text-align: right\"><a href=\"http:\/\/kki.gov.hu\/download\/c\/1b\/b0000\/Kulugyi_Szemle_2010_04_Egy_humanit%C3%A1rius_csoda_an_.pdf\" target=\"_blank\">http:\/\/kki.gov.hu\/download\/c\/1b\/b0000\/Kulugyi_Szemle_2010_04_Egy_humanit%C3%A1rius_csoda_an_.pdf<\/a><\/p>\r\n<p style=\"text-align: right\"><a href=\"http:\/\/canadaquebecmontreal.network.hu\/blog\/kanada-vilaga-hirei\/magyar-telepulesek-kanadaban-esterhazy-es-kaposvar-tortenetehttp:\/\/epa.oszk.hu\/01200\/01268\/00031\/pdf\/EPA01268_betekinto_2014_3_06.pdf\" target=\"_blank\">http:\/\/canadaquebecmontreal.network.hu\/blog\/kanada-vilaga-hirei\/magyar-telepulesek-kanadaban-esterhazy-es-kaposvar-tortenete<\/a><\/p>\r\n<p style=\"text-align: right\"><a href=\"http:\/\/epa.oszk.hu\/01200\/01268\/00031\/pdf\/EPA01268_betekinto_2014_3_06.pdf\" target=\"_blank\">http:\/\/epa.oszk.hu\/01200\/01268\/00031\/pdf\/EPA01268_betekinto_2014_3_06.pdf<\/a><\/p>\r\n<p style=\"text-align: right\">K\u00e9pek:<\/p>\r\n<p style=\"text-align: right\"><a href=\"http:\/\/commons.wikimedia.org\/wiki\/Category:Images\" target=\"_blank\">Wikipedia Commons<\/a><\/p>\r\n<p style=\"text-align: right\"><a href=\"http:\/\/content.time.com\/time\/covers\/0,16641,19570107,00.html\" target=\"_blank\">Time<\/a> Magazine<\/p>","type":"rich","thumbnail_url":"https:\/\/tanarno.cafeblog.hu\/files\/2015\/06\/magyar-szabads\u00e1gharcos-150x150.jpg","thumbnail_width":150,"thumbnail_height":150}